{"id":1164859,"date":"2025-07-06T16:20:17","date_gmt":"2025-07-06T16:20:17","guid":{"rendered":"https:\/\/talkpal.ai\/grammar_exercises\/reflexivpronomen-cviceni-pro-nemeckou-gramatiku\/"},"modified":"2025-07-06T16:20:17","modified_gmt":"2025-07-06T16:20:17","slug":"reflexivpronomen-cviceni-pro-nemeckou-gramatiku","status":"publish","type":"grammar_exercises","link":"https:\/\/talkpal.ai\/cs\/grammar_exercises\/reflexivpronomen-cviceni-pro-nemeckou-gramatiku\/","title":{"rendered":"Reflexivpronomen Cvi\u010den\u00ed pro n\u011bmeckou gramatiku"},"content":{"rendered":"<p>Reflexivn\u00ed z\u00e1jmena (<a href=\"https:\/\/talkpal.ai\/el\/grammar\/reflexivpronomen-%cf%83%cf%84%ce%b7-%ce%b3%ce%b5%cf%81%ce%bc%ce%b1%ce%bd%ce%b9%ce%ba%ce%ae-%ce%b3%cf%81%ce%b1%ce%bc%ce%bc%ce%b1%cf%84%ce%b9%ce%ba%ce%ae\/\">Reflexivpronomen<\/a>) se pou\u017e\u00edvaj\u00ed v n\u011bm\u010din\u011b k vyj\u00e1d\u0159en\u00ed, \u017ee podm\u011bt a p\u0159edm\u011bt v\u011bty jsou stejn\u00e1 osoba nebo v\u011bc. V tomto cvi\u010den\u00ed procvi\u010d\u00edte spr\u00e1vn\u00e9 pou\u017eit\u00ed reflexivn\u00edch z\u00e1jmen ve v\u011bt\u00e1ch. Ka\u017ed\u00e1 v\u011bta obsahuje n\u00e1pov\u011bdu v \u010de\u0161tin\u011b, kter\u00e1 v\u00e1m pom\u016f\u017ee vybrat spr\u00e1vn\u00e9 z\u00e1jmeno.<\/p>\n<h3>Reflexivpronomen Cvi\u010den\u00ed 1<\/h3>\n<div class=\"input_sentences\">\n1. Ich wasche *mich*. (N\u00e1pov\u011bda: prvn\u00ed osoba jednotn\u00e9ho \u010d\u00edsla, akuzativ)<br \/>\n2. Du erinnerst *dich* an den Termin. (N\u00e1pov\u011bda: druh\u00e1 osoba jednotn\u00e9ho \u010d\u00edsla, akuzativ)<br \/>\n3. Er freut *sich* auf das Wochenende. (N\u00e1pov\u011bda: t\u0159et\u00ed osoba jednotn\u00e9ho \u010d\u00edsla, akuzativ, mu\u017esk\u00fd rod)<br \/>\n4. Wir treffen *uns* im Park. (N\u00e1pov\u011bda: prvn\u00ed osoba mno\u017en\u00e9ho \u010d\u00edsla, akuzativ)<br \/>\n5. Ihr beeilt *euch* nicht. (N\u00e1pov\u011bda: druh\u00e1 osoba mno\u017en\u00e9ho \u010d\u00edsla, akuzativ)<br \/>\n6. Sie interessieren *sich* f\u00fcr Kunst. (N\u00e1pov\u011bda: t\u0159et\u00ed osoba mno\u017en\u00e9ho \u010d\u00edsla, akuzativ)<br \/>\n7. Du setzt *dich* auf den Stuhl. (N\u00e1pov\u011bda: druh\u00e1 osoba jednotn\u00e9ho \u010d\u00edsla, akuzativ)<br \/>\n8. Ich freue *mich* \u00fcber das Geschenk. (N\u00e1pov\u011bda: prvn\u00ed osoba jednotn\u00e9ho \u010d\u00edsla, akuzativ)<br \/>\n9. Ihr wascht *euch* die H\u00e4nde. (N\u00e1pov\u011bda: druh\u00e1 osoba mno\u017en\u00e9ho \u010d\u00edsla, akuzativ)<br \/>\n10. Er verletzt *sich* beim Sport. (N\u00e1pov\u011bda: t\u0159et\u00ed osoba jednotn\u00e9ho \u010d\u00edsla, akuzativ, mu\u017esk\u00fd rod)\n<\/div>\n<div class=\"exercise\"><\/div>\n<h3>Reflexivpronomen Cvi\u010den\u00ed 2<\/h3>\n<div class=\"input_sentences\">\n1. Ich erinnere *mich* an den Film. (N\u00e1pov\u011bda: prvn\u00ed osoba jednotn\u00e9ho \u010d\u00edsla, akuzativ)<br \/>\n2. Du k\u00fcmmerst *dich* um die Pflanzen. (N\u00e1pov\u011bda: druh\u00e1 osoba jednotn\u00e9ho \u010d\u00edsla, akuzativ)<br \/>\n3. Sie duscht *sich* jeden Morgen. (N\u00e1pov\u011bda: t\u0159et\u00ed osoba jednotn\u00e9ho \u010d\u00edsla, akuzativ, \u017eensk\u00fd rod)<br \/>\n4. Wir setzen *uns* an den Tisch. (N\u00e1pov\u011bda: prvn\u00ed osoba mno\u017en\u00e9ho \u010d\u00edsla, akuzativ)<br \/>\n5. Ihr bereitet *euch* auf die Pr\u00fcfung vor. (N\u00e1pov\u011bda: druh\u00e1 osoba mno\u017en\u00e9ho \u010d\u00edsla, akuzativ)<br \/>\n6. Sie treffen *sich* im Caf\u00e9. (N\u00e1pov\u011bda: t\u0159et\u00ed osoba mno\u017en\u00e9ho \u010d\u00edsla, akuzativ)<br \/>\n7. Er fragt *sich*, was passiert ist. (N\u00e1pov\u011bda: t\u0159et\u00ed osoba jednotn\u00e9ho \u010d\u00edsla, akuzativ, mu\u017esk\u00fd rod)<br \/>\n8. Ich entspanne *mich* nach der Arbeit. (N\u00e1pov\u011bda: prvn\u00ed osoba jednotn\u00e9ho \u010d\u00edsla, akuzativ)<br \/>\n9. Du verletzt *dich* beim Training. (N\u00e1pov\u011bda: druh\u00e1 osoba jednotn\u00e9ho \u010d\u00edsla, akuzativ)<br \/>\n10. Wir freuen *uns* auf den Urlaub. (N\u00e1pov\u011bda: prvn\u00ed osoba mno\u017en\u00e9ho \u010d\u00edsla, akuzativ)\n<\/div>\n<div class=\"exercise\"><\/div>\n","protected":false},"featured_media":1527976,"parent":0,"menu_order":0,"template":"","exercise_language":[20299,20381],"class_list":["post-1164859","grammar_exercises","type-grammar_exercises","status-publish","has-post-thumbnail","hentry","exercise_language-cviceni-z-nemciny","exercise_language-zajmena-nemecka-gramatika"],"acf":[],"yoast_head":"<!-- This site is optimized with the Yoast SEO Premium plugin v27.2 (Yoast SEO v27.2) - https:\/\/yoast.com\/product\/yoast-seo-premium-wordpress\/ -->\n<title>Reflexivpronomen Cvi\u010den\u00ed pro n\u011bmeckou gramatiku - Talkpal<\/title>\n<meta name=\"description\" content=\"Reflexivn\u00ed z\u00e1jmena (Reflexivpronomen) se pou\u017e\u00edvaj\u00ed v n\u011bm\u010din\u011b k vyj\u00e1d\u0159en\u00ed, \u017ee podm\u011bt a p\u0159edm\u011bt v\u011bty jsou stejn\u00e1 osoba nebo v\u011bc. V tomto cvi\u010den\u00ed procvi\u010d\u00edte\" \/>\n<meta name=\"robots\" content=\"index, follow, max-snippet:-1, max-image-preview:large, max-video-preview:-1\" \/>\n<link rel=\"canonical\" href=\"https:\/\/talkpal.ai\/cs\/grammar_exercises\/reflexivpronomen-cviceni-pro-nemeckou-gramatiku\/\" \/>\n<meta property=\"og:locale\" content=\"cs_CZ\" \/>\n<meta property=\"og:type\" content=\"article\" \/>\n<meta property=\"og:title\" content=\"Reflexivpronomen Cvi\u010den\u00ed pro n\u011bmeckou gramatiku\" \/>\n<meta property=\"og:description\" content=\"Reflexivn\u00ed z\u00e1jmena (Reflexivpronomen) se pou\u017e\u00edvaj\u00ed v n\u011bm\u010din\u011b k vyj\u00e1d\u0159en\u00ed, \u017ee podm\u011bt a p\u0159edm\u011bt v\u011bty jsou stejn\u00e1 osoba nebo v\u011bc. V tomto cvi\u010den\u00ed procvi\u010d\u00edte\" \/>\n<meta property=\"og:url\" content=\"https:\/\/talkpal.ai\/cs\/grammar_exercises\/reflexivpronomen-cviceni-pro-nemeckou-gramatiku\/\" \/>\n<meta property=\"og:site_name\" content=\"Talkpal\" \/>\n<meta property=\"article:publisher\" content=\"https:\/\/www.facebook.com\/profile.php?id=100090733639311\" \/>\n<meta property=\"og:image\" content=\"https:\/\/talkpal.ai\/wp-content\/uploads\/2025\/02\/Progress-tab-16_9.png\" \/>\n\t<meta property=\"og:image:width\" content=\"2880\" \/>\n\t<meta property=\"og:image:height\" content=\"1620\" \/>\n\t<meta property=\"og:image:type\" content=\"image\/png\" \/>\n<meta name=\"twitter:card\" content=\"summary_large_image\" \/>\n<meta name=\"twitter:site\" content=\"@talkpalai\" \/>\n<meta name=\"twitter:label1\" content=\"Odhadovan\u00e1 doba \u010dten\u00ed\" \/>\n\t<meta name=\"twitter:data1\" content=\"2 minuty\" \/>\n<script type=\"application\/ld+json\" class=\"yoast-schema-graph\">{\"@context\":\"https:\/\/schema.org\",\"@graph\":[{\"@type\":\"WebPage\",\"@id\":\"https:\/\/talkpal.ai\/cs\/grammar_exercises\/reflexivpronomen-cviceni-pro-nemeckou-gramatiku\/\",\"url\":\"https:\/\/talkpal.ai\/cs\/grammar_exercises\/reflexivpronomen-cviceni-pro-nemeckou-gramatiku\/\",\"name\":\"Reflexivpronomen Cvi\u010den\u00ed pro n\u011bmeckou gramatiku - Talkpal\",\"isPartOf\":{\"@id\":\"https:\/\/talkpal.ai\/cs\/#website\"},\"primaryImageOfPage\":{\"@id\":\"https:\/\/talkpal.ai\/cs\/grammar_exercises\/reflexivpronomen-cviceni-pro-nemeckou-gramatiku\/#primaryimage\"},\"image\":{\"@id\":\"https:\/\/talkpal.ai\/cs\/grammar_exercises\/reflexivpronomen-cviceni-pro-nemeckou-gramatiku\/#primaryimage\"},\"thumbnailUrl\":\"https:\/\/talkpal.ai\/wp-content\/uploads\/2025\/12\/students-study-outdoors-to-learn-languages.webp\",\"datePublished\":\"2025-07-06T16:20:17+00:00\",\"description\":\"Reflexivn\u00ed z\u00e1jmena (Reflexivpronomen) se pou\u017e\u00edvaj\u00ed v n\u011bm\u010din\u011b k vyj\u00e1d\u0159en\u00ed, \u017ee podm\u011bt a p\u0159edm\u011bt v\u011bty jsou stejn\u00e1 osoba nebo v\u011bc. V tomto cvi\u010den\u00ed procvi\u010d\u00edte\",\"breadcrumb\":{\"@id\":\"https:\/\/talkpal.ai\/cs\/grammar_exercises\/reflexivpronomen-cviceni-pro-nemeckou-gramatiku\/#breadcrumb\"},\"inLanguage\":\"cs\",\"potentialAction\":[{\"@type\":\"ReadAction\",\"target\":[\"https:\/\/talkpal.ai\/cs\/grammar_exercises\/reflexivpronomen-cviceni-pro-nemeckou-gramatiku\/\"]}]},{\"@type\":\"ImageObject\",\"inLanguage\":\"cs\",\"@id\":\"https:\/\/talkpal.ai\/cs\/grammar_exercises\/reflexivpronomen-cviceni-pro-nemeckou-gramatiku\/#primaryimage\",\"url\":\"https:\/\/talkpal.ai\/wp-content\/uploads\/2025\/12\/students-study-outdoors-to-learn-languages.webp\",\"contentUrl\":\"https:\/\/talkpal.ai\/wp-content\/uploads\/2025\/12\/students-study-outdoors-to-learn-languages.webp\",\"width\":1200,\"height\":896,\"caption\":\"Two students sit at an autumn picnic table while focused on learning languages.\"},{\"@type\":\"BreadcrumbList\",\"@id\":\"https:\/\/talkpal.ai\/cs\/grammar_exercises\/reflexivpronomen-cviceni-pro-nemeckou-gramatiku\/#breadcrumb\",\"itemListElement\":[{\"@type\":\"ListItem\",\"position\":1,\"name\":\"Homepage\",\"item\":\"https:\/\/talkpal.ai\/cs\/\"},{\"@type\":\"ListItem\",\"position\":2,\"name\":\"Reflexivpronomen Cvi\u010den\u00ed pro n\u011bmeckou gramatiku\"}]},{\"@type\":\"WebSite\",\"@id\":\"https:\/\/talkpal.ai\/cs\/#website\",\"url\":\"https:\/\/talkpal.ai\/cs\/\",\"name\":\"Talkpal\",\"description\":\"AI Language Learning\",\"publisher\":{\"@id\":\"https:\/\/talkpal.ai\/cs\/#organization\"},\"alternateName\":\"Talkpal AI\",\"potentialAction\":[{\"@type\":\"SearchAction\",\"target\":{\"@type\":\"EntryPoint\",\"urlTemplate\":\"https:\/\/talkpal.ai\/cs\/?s={search_term_string}\"},\"query-input\":{\"@type\":\"PropertyValueSpecification\",\"valueRequired\":true,\"valueName\":\"search_term_string\"}}],\"inLanguage\":\"cs\"},{\"@type\":\"Organization\",\"@id\":\"https:\/\/talkpal.ai\/cs\/#organization\",\"name\":\"Talkpal, Inc.\",\"alternateName\":\"Talkpal AI\",\"url\":\"https:\/\/talkpal.ai\/cs\/\",\"logo\":{\"@type\":\"ImageObject\",\"inLanguage\":\"cs\",\"@id\":\"https:\/\/talkpal.ai\/cs\/#\/schema\/logo\/image\/\",\"url\":\"https:\/\/talkpal.ai\/wp-content\/uploads\/2024\/03\/Talkpal-Logo-Icon.png\",\"contentUrl\":\"https:\/\/talkpal.ai\/wp-content\/uploads\/2024\/03\/Talkpal-Logo-Icon.png\",\"width\":2880,\"height\":2880,\"caption\":\"Talkpal, Inc.\"},\"image\":{\"@id\":\"https:\/\/talkpal.ai\/cs\/#\/schema\/logo\/image\/\"},\"sameAs\":[\"https:\/\/www.facebook.com\/profile.php?id=100090733639311\",\"https:\/\/x.com\/talkpalai\",\"https:\/\/www.linkedin.com\/company\/talkpal\/\",\"https:\/\/www.youtube.com\/@TalkPal\/\",\"https:\/\/www.tiktok.com\/@talkpal\",\"https:\/\/www.instagram.com\/talkpal_ai\/\",\"https:\/\/www.crunchbase.com\/organization\/talkpal-9cde\",\"https:\/\/www.g2.com\/products\/talkpal-for-business\/\",\"https:\/\/www.trustpilot.com\/review\/talkpal.ai\",\"https:\/\/www.capterra.com\/p\/10006800\/TalkPal\/\"],\"description\":\"Talkpal is a language learning web and mobile education app, powered by the latest AI technologies, that provides engaging experiences to its customers in many different languages to help them improve their language skills. Users can chat about unlimited amount of topics with the app and use other modes to practice their language learning.\",\"email\":\"support@talkpal.ai\",\"legalName\":\"Talkpal, Inc.\",\"foundingDate\":\"2023-04-03\",\"duns\":\"118989042\",\"numberOfEmployees\":{\"@type\":\"QuantitativeValue\",\"minValue\":\"11\",\"maxValue\":\"50\"},\"publishingPrinciples\":\"https:\/\/talkpal.ai\/publishing-principles\/\",\"actionableFeedbackPolicy\":\"https:\/\/talkpal.ai\/actionable-feedback-policy\/\",\"correctionsPolicy\":\"https:\/\/talkpal.ai\/corrections-policy\/\",\"ethicsPolicy\":\"https:\/\/talkpal.ai\/ethics-policy\/\",\"diversityPolicy\":\"https:\/\/talkpal.ai\/diversity-policy\/\",\"diversityStaffingReport\":\"https:\/\/talkpal.ai\/diversity-policy\/\"}]}<\/script>\n<!-- \/ Yoast SEO Premium plugin. -->","yoast_head_json":{"title":"Reflexivpronomen Cvi\u010den\u00ed pro n\u011bmeckou gramatiku - Talkpal","description":"Reflexivn\u00ed z\u00e1jmena (Reflexivpronomen) se pou\u017e\u00edvaj\u00ed v n\u011bm\u010din\u011b k vyj\u00e1d\u0159en\u00ed, \u017ee podm\u011bt a p\u0159edm\u011bt v\u011bty jsou stejn\u00e1 osoba nebo v\u011bc. V tomto cvi\u010den\u00ed procvi\u010d\u00edte","robots":{"index":"index","follow":"follow","max-snippet":"max-snippet:-1","max-image-preview":"max-image-preview:large","max-video-preview":"max-video-preview:-1"},"canonical":"https:\/\/talkpal.ai\/cs\/grammar_exercises\/reflexivpronomen-cviceni-pro-nemeckou-gramatiku\/","og_locale":"cs_CZ","og_type":"article","og_title":"Reflexivpronomen Cvi\u010den\u00ed pro n\u011bmeckou gramatiku","og_description":"Reflexivn\u00ed z\u00e1jmena (Reflexivpronomen) se pou\u017e\u00edvaj\u00ed v n\u011bm\u010din\u011b k vyj\u00e1d\u0159en\u00ed, \u017ee podm\u011bt a p\u0159edm\u011bt v\u011bty jsou stejn\u00e1 osoba nebo v\u011bc. V tomto cvi\u010den\u00ed procvi\u010d\u00edte","og_url":"https:\/\/talkpal.ai\/cs\/grammar_exercises\/reflexivpronomen-cviceni-pro-nemeckou-gramatiku\/","og_site_name":"Talkpal","article_publisher":"https:\/\/www.facebook.com\/profile.php?id=100090733639311","og_image":[{"width":2880,"height":1620,"url":"https:\/\/talkpal.ai\/wp-content\/uploads\/2025\/02\/Progress-tab-16_9.png","type":"image\/png"}],"twitter_card":"summary_large_image","twitter_site":"@talkpalai","twitter_misc":{"Odhadovan\u00e1 doba \u010dten\u00ed":"2 minuty"},"schema":{"@context":"https:\/\/schema.org","@graph":[{"@type":"WebPage","@id":"https:\/\/talkpal.ai\/cs\/grammar_exercises\/reflexivpronomen-cviceni-pro-nemeckou-gramatiku\/","url":"https:\/\/talkpal.ai\/cs\/grammar_exercises\/reflexivpronomen-cviceni-pro-nemeckou-gramatiku\/","name":"Reflexivpronomen Cvi\u010den\u00ed pro n\u011bmeckou gramatiku - Talkpal","isPartOf":{"@id":"https:\/\/talkpal.ai\/cs\/#website"},"primaryImageOfPage":{"@id":"https:\/\/talkpal.ai\/cs\/grammar_exercises\/reflexivpronomen-cviceni-pro-nemeckou-gramatiku\/#primaryimage"},"image":{"@id":"https:\/\/talkpal.ai\/cs\/grammar_exercises\/reflexivpronomen-cviceni-pro-nemeckou-gramatiku\/#primaryimage"},"thumbnailUrl":"https:\/\/talkpal.ai\/wp-content\/uploads\/2025\/12\/students-study-outdoors-to-learn-languages.webp","datePublished":"2025-07-06T16:20:17+00:00","description":"Reflexivn\u00ed z\u00e1jmena (Reflexivpronomen) se pou\u017e\u00edvaj\u00ed v n\u011bm\u010din\u011b k vyj\u00e1d\u0159en\u00ed, \u017ee podm\u011bt a p\u0159edm\u011bt v\u011bty jsou stejn\u00e1 osoba nebo v\u011bc. V tomto cvi\u010den\u00ed procvi\u010d\u00edte","breadcrumb":{"@id":"https:\/\/talkpal.ai\/cs\/grammar_exercises\/reflexivpronomen-cviceni-pro-nemeckou-gramatiku\/#breadcrumb"},"inLanguage":"cs","potentialAction":[{"@type":"ReadAction","target":["https:\/\/talkpal.ai\/cs\/grammar_exercises\/reflexivpronomen-cviceni-pro-nemeckou-gramatiku\/"]}]},{"@type":"ImageObject","inLanguage":"cs","@id":"https:\/\/talkpal.ai\/cs\/grammar_exercises\/reflexivpronomen-cviceni-pro-nemeckou-gramatiku\/#primaryimage","url":"https:\/\/talkpal.ai\/wp-content\/uploads\/2025\/12\/students-study-outdoors-to-learn-languages.webp","contentUrl":"https:\/\/talkpal.ai\/wp-content\/uploads\/2025\/12\/students-study-outdoors-to-learn-languages.webp","width":1200,"height":896,"caption":"Two students sit at an autumn picnic table while focused on learning languages."},{"@type":"BreadcrumbList","@id":"https:\/\/talkpal.ai\/cs\/grammar_exercises\/reflexivpronomen-cviceni-pro-nemeckou-gramatiku\/#breadcrumb","itemListElement":[{"@type":"ListItem","position":1,"name":"Homepage","item":"https:\/\/talkpal.ai\/cs\/"},{"@type":"ListItem","position":2,"name":"Reflexivpronomen Cvi\u010den\u00ed pro n\u011bmeckou gramatiku"}]},{"@type":"WebSite","@id":"https:\/\/talkpal.ai\/cs\/#website","url":"https:\/\/talkpal.ai\/cs\/","name":"Talkpal","description":"AI Language Learning","publisher":{"@id":"https:\/\/talkpal.ai\/cs\/#organization"},"alternateName":"Talkpal AI","potentialAction":[{"@type":"SearchAction","target":{"@type":"EntryPoint","urlTemplate":"https:\/\/talkpal.ai\/cs\/?s={search_term_string}"},"query-input":{"@type":"PropertyValueSpecification","valueRequired":true,"valueName":"search_term_string"}}],"inLanguage":"cs"},{"@type":"Organization","@id":"https:\/\/talkpal.ai\/cs\/#organization","name":"Talkpal, Inc.","alternateName":"Talkpal AI","url":"https:\/\/talkpal.ai\/cs\/","logo":{"@type":"ImageObject","inLanguage":"cs","@id":"https:\/\/talkpal.ai\/cs\/#\/schema\/logo\/image\/","url":"https:\/\/talkpal.ai\/wp-content\/uploads\/2024\/03\/Talkpal-Logo-Icon.png","contentUrl":"https:\/\/talkpal.ai\/wp-content\/uploads\/2024\/03\/Talkpal-Logo-Icon.png","width":2880,"height":2880,"caption":"Talkpal, Inc."},"image":{"@id":"https:\/\/talkpal.ai\/cs\/#\/schema\/logo\/image\/"},"sameAs":["https:\/\/www.facebook.com\/profile.php?id=100090733639311","https:\/\/x.com\/talkpalai","https:\/\/www.linkedin.com\/company\/talkpal\/","https:\/\/www.youtube.com\/@TalkPal\/","https:\/\/www.tiktok.com\/@talkpal","https:\/\/www.instagram.com\/talkpal_ai\/","https:\/\/www.crunchbase.com\/organization\/talkpal-9cde","https:\/\/www.g2.com\/products\/talkpal-for-business\/","https:\/\/www.trustpilot.com\/review\/talkpal.ai","https:\/\/www.capterra.com\/p\/10006800\/TalkPal\/"],"description":"Talkpal is a language learning web and mobile education app, powered by the latest AI technologies, that provides engaging experiences to its customers in many different languages to help them improve their language skills. Users can chat about unlimited amount of topics with the app and use other modes to practice their language learning.","email":"support@talkpal.ai","legalName":"Talkpal, Inc.","foundingDate":"2023-04-03","duns":"118989042","numberOfEmployees":{"@type":"QuantitativeValue","minValue":"11","maxValue":"50"},"publishingPrinciples":"https:\/\/talkpal.ai\/publishing-principles\/","actionableFeedbackPolicy":"https:\/\/talkpal.ai\/actionable-feedback-policy\/","correctionsPolicy":"https:\/\/talkpal.ai\/corrections-policy\/","ethicsPolicy":"https:\/\/talkpal.ai\/ethics-policy\/","diversityPolicy":"https:\/\/talkpal.ai\/diversity-policy\/","diversityStaffingReport":"https:\/\/talkpal.ai\/diversity-policy\/"}]}},"_links":{"self":[{"href":"https:\/\/talkpal.ai\/cs\/wp-json\/wp\/v2\/grammar_exercises\/1164859","targetHints":{"allow":["GET"]}}],"collection":[{"href":"https:\/\/talkpal.ai\/cs\/wp-json\/wp\/v2\/grammar_exercises"}],"about":[{"href":"https:\/\/talkpal.ai\/cs\/wp-json\/wp\/v2\/types\/grammar_exercises"}],"wp:featuredmedia":[{"embeddable":true,"href":"https:\/\/talkpal.ai\/cs\/wp-json\/wp\/v2\/media\/1527976"}],"wp:attachment":[{"href":"https:\/\/talkpal.ai\/cs\/wp-json\/wp\/v2\/media?parent=1164859"}],"wp:term":[{"taxonomy":"exercise_language","embeddable":true,"href":"https:\/\/talkpal.ai\/cs\/wp-json\/wp\/v2\/exercise_language?post=1164859"}],"curies":[{"name":"wp","href":"https:\/\/api.w.org\/{rel}","templated":true}]}}