{"id":1164843,"date":"2025-07-06T16:20:01","date_gmt":"2025-07-06T16:20:01","guid":{"rendered":"https:\/\/talkpal.ai\/grammar_exercises\/reflexivni-verbenova-cviceni-pro-nemeckou-gramatiku\/"},"modified":"2025-07-06T16:20:01","modified_gmt":"2025-07-06T16:20:01","slug":"reflexivni-verbenova-cviceni-pro-nemeckou-gramatiku","status":"publish","type":"grammar_exercises","link":"https:\/\/talkpal.ai\/cs\/grammar_exercises\/reflexivni-verbenova-cviceni-pro-nemeckou-gramatiku\/","title":{"rendered":"Reflexivn\u00ed verbenov\u00e1 cvi\u010den\u00ed pro n\u011bmeckou gramatiku"},"content":{"rendered":"<p>V t\u011bchto cvi\u010den\u00edch si procvi\u010d\u00edte pou\u017eit\u00ed reflexivn\u00edch sloves v n\u011bmeck\u00e9 gramatice. Reflexivn\u00ed slovesa vyjad\u0159uj\u00ed, \u017ee podm\u011bt vykon\u00e1v\u00e1 \u010dinnost s\u00e1m na sob\u011b, \u010dasto se pou\u017e\u00edv\u00e1 zvratn\u00e9 z\u00e1jmeno (sich). V\u011bnujte pozornost spr\u00e1vn\u00e9mu tvaru slovesa a reflexivn\u00edho z\u00e1jmena v jednotliv\u00fdch v\u011bt\u00e1ch.<\/p>\n<h3>Reflexivn\u00ed slovesa v p\u0159\u00edtomn\u00e9m \u010dase<\/h3>\n<div class=\"input_sentences\">\n1. Ich *wasche* mich jeden Morgen. (Hint: sloveso &#8222;waschen&#8220; v 1. osob\u011b jednotn\u00e9ho \u010d\u00edsla p\u0159\u00edtomn\u00e9ho \u010dasu)<br \/>\n2. Du *ziehst* dich warm an. (Hint: sloveso &#8222;anziehen&#8220; v 2. osob\u011b jednotn\u00e9ho \u010d\u00edsla p\u0159\u00edtomn\u00e9ho \u010dasu)<br \/>\n3. Er *k\u00e4mmt* sich die Haare. (Hint: sloveso &#8222;k\u00e4mmen&#8220; v 3. osob\u011b jednotn\u00e9ho \u010d\u00edsla p\u0159\u00edtomn\u00e9ho \u010dasu)<br \/>\n4. Wir *freuen* uns auf das Wochenende. (Hint: sloveso &#8222;freuen&#8220; v 1. osob\u011b mno\u017en\u00e9ho \u010d\u00edsla p\u0159\u00edtomn\u00e9ho \u010dasu)<br \/>\n5. Ihr *setzt* euch auf die St\u00fchle. (Hint: sloveso &#8222;setzen&#8220; v 2. osob\u011b mno\u017en\u00e9ho \u010d\u00edsla p\u0159\u00edtomn\u00e9ho \u010dasu)<br \/>\n6. Sie *entspannen* sich nach der Arbeit. (Hint: sloveso &#8222;entspannen&#8220; v 3. osob\u011b mno\u017en\u00e9ho \u010d\u00edsla p\u0159\u00edtomn\u00e9ho \u010dasu)<br \/>\n7. Ich *interessiere* mich f\u00fcr Musik. (Hint: sloveso &#8222;interessieren&#8220; v 1. osob\u011b jednotn\u00e9ho \u010d\u00edsla p\u0159\u00edtomn\u00e9ho \u010dasu)<br \/>\n8. Du *bereitest* dich auf die Pr\u00fcfung vor. (Hint: sloveso &#8222;vorbereiten&#8220; v 2. osob\u011b jednotn\u00e9ho \u010d\u00edsla p\u0159\u00edtomn\u00e9ho \u010dasu)<br \/>\n9. Er *\u00e4rgert* sich \u00fcber den Fehler. (Hint: sloveso &#8222;\u00e4rgern&#8220; v 3. osob\u011b jednotn\u00e9ho \u010d\u00edsla p\u0159\u00edtomn\u00e9ho \u010dasu)<br \/>\n10. Wir *treffen* uns jeden Samstag. (Hint: sloveso &#8222;treffen&#8220; v 1. osob\u011b mno\u017en\u00e9ho \u010d\u00edsla p\u0159\u00edtomn\u00e9ho \u010dasu)\n<\/div>\n<div class=\"exercise\"><\/div>\n<h3>Reflexivn\u00ed slovesa v minul\u00e9m \u010dase Perfekt<\/h3>\n<div class=\"input_sentences\">\n1. Ich *habe* mich gestern geduscht. (Hint: pomocn\u00e9 sloveso &#8222;haben&#8220; v 1. osob\u011b jednotn\u00e9ho \u010d\u00edsla a minul\u00fd tvar slovesa &#8222;duschen&#8220;)<br \/>\n2. Du *hast* dich schnell angezogen. (Hint: pomocn\u00e9 sloveso &#8222;haben&#8220; v 2. osob\u011b jednotn\u00e9ho \u010d\u00edsla a minul\u00fd tvar slovesa &#8222;anziehen&#8220;)<br \/>\n3. Er *hat* sich versp\u00e4tet. (Hint: pomocn\u00e9 sloveso &#8222;haben&#8220; v 3. osob\u011b jednotn\u00e9ho \u010d\u00edsla a minul\u00fd tvar slovesa &#8222;versp\u00e4ten&#8220;)<br \/>\n4. Wir *haben* uns gut am\u00fcsiert. (Hint: pomocn\u00e9 sloveso &#8222;haben&#8220; v 1. osob\u011b mno\u017en\u00e9ho \u010d\u00edsla a minul\u00fd tvar slovesa &#8222;am\u00fcsieren&#8220;)<br \/>\n5. Ihr *habt* euch auf das Fest vorbereitet. (Hint: pomocn\u00e9 sloveso &#8222;haben&#8220; v 2. osob\u011b mno\u017en\u00e9ho \u010d\u00edsla a minul\u00fd tvar slovesa &#8222;vorbereiten&#8220;)<br \/>\n6. Sie *haben* sich das Bein gebrochen. (Hint: pomocn\u00e9 sloveso &#8222;haben&#8220; v 3. osob\u011b mno\u017en\u00e9ho \u010d\u00edsla a minul\u00fd tvar slovesa &#8222;brechen&#8220;)<br \/>\n7. Ich *habe* mich gestern entspannt. (Hint: pomocn\u00e9 sloveso &#8222;haben&#8220; v 1. osob\u011b jednotn\u00e9ho \u010d\u00edsla a minul\u00fd tvar slovesa &#8222;entspannen&#8220;)<br \/>\n8. Du *hast* dich \u00fcber das Geschenk gefreut. (Hint: pomocn\u00e9 sloveso &#8222;haben&#8220; v 2. osob\u011b jednotn\u00e9ho \u010d\u00edsla a minul\u00fd tvar slovesa &#8222;freuen&#8220;)<br \/>\n9. Er *hat* sich den Arm verletzt. (Hint: pomocn\u00e9 sloveso &#8222;haben&#8220; v 3. osob\u011b jednotn\u00e9ho \u010d\u00edsla a minul\u00fd tvar slovesa &#8222;verletzen&#8220;)<br \/>\n10. Wir *haben* uns im Park getroffen. (Hint: pomocn\u00e9 sloveso &#8222;haben&#8220; v 1. osob\u011b mno\u017en\u00e9ho \u010d\u00edsla a minul\u00fd tvar slovesa &#8222;treffen&#8220;)\n<\/div>\n<div class=\"exercise\"><\/div>\n","protected":false},"featured_media":1527812,"parent":0,"menu_order":0,"template":"","exercise_language":[20299,20369],"class_list":["post-1164843","grammar_exercises","type-grammar_exercises","status-publish","has-post-thumbnail","hentry","exercise_language-cviceni-z-nemciny","exercise_language-slovesa-nemecka-gramatika"],"acf":[],"yoast_head":"<!-- This site is optimized with the Yoast SEO Premium plugin v27.2 (Yoast SEO v27.2) - https:\/\/yoast.com\/product\/yoast-seo-premium-wordpress\/ -->\n<title>Reflexivn\u00ed verbenov\u00e1 cvi\u010den\u00ed pro n\u011bmeckou gramatiku - Talkpal<\/title>\n<meta name=\"description\" content=\"V t\u011bchto cvi\u010den\u00edch si procvi\u010d\u00edte pou\u017eit\u00ed reflexivn\u00edch sloves v n\u011bmeck\u00e9 gramatice. Reflexivn\u00ed slovesa vyjad\u0159uj\u00ed, \u017ee podm\u011bt vykon\u00e1v\u00e1 \u010dinnost s\u00e1m na sob\u011b,\" \/>\n<meta name=\"robots\" content=\"index, follow, max-snippet:-1, max-image-preview:large, max-video-preview:-1\" \/>\n<link rel=\"canonical\" href=\"https:\/\/talkpal.ai\/cs\/grammar_exercises\/reflexivni-verbenova-cviceni-pro-nemeckou-gramatiku\/\" \/>\n<meta property=\"og:locale\" content=\"cs_CZ\" \/>\n<meta property=\"og:type\" content=\"article\" \/>\n<meta property=\"og:title\" content=\"Reflexivn\u00ed verbenov\u00e1 cvi\u010den\u00ed pro n\u011bmeckou gramatiku\" \/>\n<meta property=\"og:description\" content=\"V t\u011bchto cvi\u010den\u00edch si procvi\u010d\u00edte pou\u017eit\u00ed reflexivn\u00edch sloves v n\u011bmeck\u00e9 gramatice. Reflexivn\u00ed slovesa vyjad\u0159uj\u00ed, \u017ee podm\u011bt vykon\u00e1v\u00e1 \u010dinnost s\u00e1m na sob\u011b,\" \/>\n<meta property=\"og:url\" content=\"https:\/\/talkpal.ai\/cs\/grammar_exercises\/reflexivni-verbenova-cviceni-pro-nemeckou-gramatiku\/\" \/>\n<meta property=\"og:site_name\" content=\"Talkpal\" \/>\n<meta property=\"article:publisher\" content=\"https:\/\/www.facebook.com\/profile.php?id=100090733639311\" \/>\n<meta property=\"og:image\" content=\"https:\/\/talkpal.ai\/wp-content\/uploads\/2025\/02\/Progress-tab-16_9.png\" \/>\n\t<meta property=\"og:image:width\" content=\"2880\" \/>\n\t<meta property=\"og:image:height\" content=\"1620\" \/>\n\t<meta property=\"og:image:type\" content=\"image\/png\" \/>\n<meta name=\"twitter:card\" content=\"summary_large_image\" \/>\n<meta name=\"twitter:site\" content=\"@talkpalai\" \/>\n<meta name=\"twitter:label1\" content=\"Odhadovan\u00e1 doba \u010dten\u00ed\" \/>\n\t<meta name=\"twitter:data1\" content=\"2 minuty\" \/>\n<script type=\"application\/ld+json\" class=\"yoast-schema-graph\">{\"@context\":\"https:\/\/schema.org\",\"@graph\":[{\"@type\":\"WebPage\",\"@id\":\"https:\/\/talkpal.ai\/cs\/grammar_exercises\/reflexivni-verbenova-cviceni-pro-nemeckou-gramatiku\/\",\"url\":\"https:\/\/talkpal.ai\/cs\/grammar_exercises\/reflexivni-verbenova-cviceni-pro-nemeckou-gramatiku\/\",\"name\":\"Reflexivn\u00ed verbenov\u00e1 cvi\u010den\u00ed pro n\u011bmeckou gramatiku - Talkpal\",\"isPartOf\":{\"@id\":\"https:\/\/talkpal.ai\/cs\/#website\"},\"primaryImageOfPage\":{\"@id\":\"https:\/\/talkpal.ai\/cs\/grammar_exercises\/reflexivni-verbenova-cviceni-pro-nemeckou-gramatiku\/#primaryimage\"},\"image\":{\"@id\":\"https:\/\/talkpal.ai\/cs\/grammar_exercises\/reflexivni-verbenova-cviceni-pro-nemeckou-gramatiku\/#primaryimage\"},\"thumbnailUrl\":\"https:\/\/talkpal.ai\/wp-content\/uploads\/2025\/12\/notes-are-reviewed-learning-languages.webp\",\"datePublished\":\"2025-07-06T16:20:01+00:00\",\"description\":\"V t\u011bchto cvi\u010den\u00edch si procvi\u010d\u00edte pou\u017eit\u00ed reflexivn\u00edch sloves v n\u011bmeck\u00e9 gramatice. Reflexivn\u00ed slovesa vyjad\u0159uj\u00ed, \u017ee podm\u011bt vykon\u00e1v\u00e1 \u010dinnost s\u00e1m na sob\u011b,\",\"breadcrumb\":{\"@id\":\"https:\/\/talkpal.ai\/cs\/grammar_exercises\/reflexivni-verbenova-cviceni-pro-nemeckou-gramatiku\/#breadcrumb\"},\"inLanguage\":\"cs\",\"potentialAction\":[{\"@type\":\"ReadAction\",\"target\":[\"https:\/\/talkpal.ai\/cs\/grammar_exercises\/reflexivni-verbenova-cviceni-pro-nemeckou-gramatiku\/\"]}]},{\"@type\":\"ImageObject\",\"inLanguage\":\"cs\",\"@id\":\"https:\/\/talkpal.ai\/cs\/grammar_exercises\/reflexivni-verbenova-cviceni-pro-nemeckou-gramatiku\/#primaryimage\",\"url\":\"https:\/\/talkpal.ai\/wp-content\/uploads\/2025\/12\/notes-are-reviewed-learning-languages.webp\",\"contentUrl\":\"https:\/\/talkpal.ai\/wp-content\/uploads\/2025\/12\/notes-are-reviewed-learning-languages.webp\",\"width\":1200,\"height\":896,\"caption\":\"Study notes are reviewed by two surprised students while learning languages under cafe lights.\"},{\"@type\":\"BreadcrumbList\",\"@id\":\"https:\/\/talkpal.ai\/cs\/grammar_exercises\/reflexivni-verbenova-cviceni-pro-nemeckou-gramatiku\/#breadcrumb\",\"itemListElement\":[{\"@type\":\"ListItem\",\"position\":1,\"name\":\"Homepage\",\"item\":\"https:\/\/talkpal.ai\/cs\/\"},{\"@type\":\"ListItem\",\"position\":2,\"name\":\"Reflexivn\u00ed verbenov\u00e1 cvi\u010den\u00ed pro n\u011bmeckou gramatiku\"}]},{\"@type\":\"WebSite\",\"@id\":\"https:\/\/talkpal.ai\/cs\/#website\",\"url\":\"https:\/\/talkpal.ai\/cs\/\",\"name\":\"Talkpal\",\"description\":\"AI Language Learning\",\"publisher\":{\"@id\":\"https:\/\/talkpal.ai\/cs\/#organization\"},\"alternateName\":\"Talkpal AI\",\"potentialAction\":[{\"@type\":\"SearchAction\",\"target\":{\"@type\":\"EntryPoint\",\"urlTemplate\":\"https:\/\/talkpal.ai\/cs\/?s={search_term_string}\"},\"query-input\":{\"@type\":\"PropertyValueSpecification\",\"valueRequired\":true,\"valueName\":\"search_term_string\"}}],\"inLanguage\":\"cs\"},{\"@type\":\"Organization\",\"@id\":\"https:\/\/talkpal.ai\/cs\/#organization\",\"name\":\"Talkpal, Inc.\",\"alternateName\":\"Talkpal AI\",\"url\":\"https:\/\/talkpal.ai\/cs\/\",\"logo\":{\"@type\":\"ImageObject\",\"inLanguage\":\"cs\",\"@id\":\"https:\/\/talkpal.ai\/cs\/#\/schema\/logo\/image\/\",\"url\":\"https:\/\/talkpal.ai\/wp-content\/uploads\/2024\/03\/Talkpal-Logo-Icon.png\",\"contentUrl\":\"https:\/\/talkpal.ai\/wp-content\/uploads\/2024\/03\/Talkpal-Logo-Icon.png\",\"width\":2880,\"height\":2880,\"caption\":\"Talkpal, Inc.\"},\"image\":{\"@id\":\"https:\/\/talkpal.ai\/cs\/#\/schema\/logo\/image\/\"},\"sameAs\":[\"https:\/\/www.facebook.com\/profile.php?id=100090733639311\",\"https:\/\/x.com\/talkpalai\",\"https:\/\/www.linkedin.com\/company\/talkpal\/\",\"https:\/\/www.youtube.com\/@TalkPal\/\",\"https:\/\/www.tiktok.com\/@talkpal\",\"https:\/\/www.instagram.com\/talkpal_ai\/\",\"https:\/\/www.crunchbase.com\/organization\/talkpal-9cde\",\"https:\/\/www.g2.com\/products\/talkpal-for-business\/\",\"https:\/\/www.trustpilot.com\/review\/talkpal.ai\",\"https:\/\/www.capterra.com\/p\/10006800\/TalkPal\/\"],\"description\":\"Talkpal is a language learning web and mobile education app, powered by the latest AI technologies, that provides engaging experiences to its customers in many different languages to help them improve their language skills. Users can chat about unlimited amount of topics with the app and use other modes to practice their language learning.\",\"email\":\"support@talkpal.ai\",\"legalName\":\"Talkpal, Inc.\",\"foundingDate\":\"2023-04-03\",\"duns\":\"118989042\",\"numberOfEmployees\":{\"@type\":\"QuantitativeValue\",\"minValue\":\"11\",\"maxValue\":\"50\"},\"publishingPrinciples\":\"https:\/\/talkpal.ai\/publishing-principles\/\",\"actionableFeedbackPolicy\":\"https:\/\/talkpal.ai\/actionable-feedback-policy\/\",\"correctionsPolicy\":\"https:\/\/talkpal.ai\/corrections-policy\/\",\"ethicsPolicy\":\"https:\/\/talkpal.ai\/ethics-policy\/\",\"diversityPolicy\":\"https:\/\/talkpal.ai\/diversity-policy\/\",\"diversityStaffingReport\":\"https:\/\/talkpal.ai\/diversity-policy\/\"}]}<\/script>\n<!-- \/ Yoast SEO Premium plugin. -->","yoast_head_json":{"title":"Reflexivn\u00ed verbenov\u00e1 cvi\u010den\u00ed pro n\u011bmeckou gramatiku - Talkpal","description":"V t\u011bchto cvi\u010den\u00edch si procvi\u010d\u00edte pou\u017eit\u00ed reflexivn\u00edch sloves v n\u011bmeck\u00e9 gramatice. Reflexivn\u00ed slovesa vyjad\u0159uj\u00ed, \u017ee podm\u011bt vykon\u00e1v\u00e1 \u010dinnost s\u00e1m na sob\u011b,","robots":{"index":"index","follow":"follow","max-snippet":"max-snippet:-1","max-image-preview":"max-image-preview:large","max-video-preview":"max-video-preview:-1"},"canonical":"https:\/\/talkpal.ai\/cs\/grammar_exercises\/reflexivni-verbenova-cviceni-pro-nemeckou-gramatiku\/","og_locale":"cs_CZ","og_type":"article","og_title":"Reflexivn\u00ed verbenov\u00e1 cvi\u010den\u00ed pro n\u011bmeckou gramatiku","og_description":"V t\u011bchto cvi\u010den\u00edch si procvi\u010d\u00edte pou\u017eit\u00ed reflexivn\u00edch sloves v n\u011bmeck\u00e9 gramatice. Reflexivn\u00ed slovesa vyjad\u0159uj\u00ed, \u017ee podm\u011bt vykon\u00e1v\u00e1 \u010dinnost s\u00e1m na sob\u011b,","og_url":"https:\/\/talkpal.ai\/cs\/grammar_exercises\/reflexivni-verbenova-cviceni-pro-nemeckou-gramatiku\/","og_site_name":"Talkpal","article_publisher":"https:\/\/www.facebook.com\/profile.php?id=100090733639311","og_image":[{"width":2880,"height":1620,"url":"https:\/\/talkpal.ai\/wp-content\/uploads\/2025\/02\/Progress-tab-16_9.png","type":"image\/png"}],"twitter_card":"summary_large_image","twitter_site":"@talkpalai","twitter_misc":{"Odhadovan\u00e1 doba \u010dten\u00ed":"2 minuty"},"schema":{"@context":"https:\/\/schema.org","@graph":[{"@type":"WebPage","@id":"https:\/\/talkpal.ai\/cs\/grammar_exercises\/reflexivni-verbenova-cviceni-pro-nemeckou-gramatiku\/","url":"https:\/\/talkpal.ai\/cs\/grammar_exercises\/reflexivni-verbenova-cviceni-pro-nemeckou-gramatiku\/","name":"Reflexivn\u00ed verbenov\u00e1 cvi\u010den\u00ed pro n\u011bmeckou gramatiku - Talkpal","isPartOf":{"@id":"https:\/\/talkpal.ai\/cs\/#website"},"primaryImageOfPage":{"@id":"https:\/\/talkpal.ai\/cs\/grammar_exercises\/reflexivni-verbenova-cviceni-pro-nemeckou-gramatiku\/#primaryimage"},"image":{"@id":"https:\/\/talkpal.ai\/cs\/grammar_exercises\/reflexivni-verbenova-cviceni-pro-nemeckou-gramatiku\/#primaryimage"},"thumbnailUrl":"https:\/\/talkpal.ai\/wp-content\/uploads\/2025\/12\/notes-are-reviewed-learning-languages.webp","datePublished":"2025-07-06T16:20:01+00:00","description":"V t\u011bchto cvi\u010den\u00edch si procvi\u010d\u00edte pou\u017eit\u00ed reflexivn\u00edch sloves v n\u011bmeck\u00e9 gramatice. Reflexivn\u00ed slovesa vyjad\u0159uj\u00ed, \u017ee podm\u011bt vykon\u00e1v\u00e1 \u010dinnost s\u00e1m na sob\u011b,","breadcrumb":{"@id":"https:\/\/talkpal.ai\/cs\/grammar_exercises\/reflexivni-verbenova-cviceni-pro-nemeckou-gramatiku\/#breadcrumb"},"inLanguage":"cs","potentialAction":[{"@type":"ReadAction","target":["https:\/\/talkpal.ai\/cs\/grammar_exercises\/reflexivni-verbenova-cviceni-pro-nemeckou-gramatiku\/"]}]},{"@type":"ImageObject","inLanguage":"cs","@id":"https:\/\/talkpal.ai\/cs\/grammar_exercises\/reflexivni-verbenova-cviceni-pro-nemeckou-gramatiku\/#primaryimage","url":"https:\/\/talkpal.ai\/wp-content\/uploads\/2025\/12\/notes-are-reviewed-learning-languages.webp","contentUrl":"https:\/\/talkpal.ai\/wp-content\/uploads\/2025\/12\/notes-are-reviewed-learning-languages.webp","width":1200,"height":896,"caption":"Study notes are reviewed by two surprised students while learning languages under cafe lights."},{"@type":"BreadcrumbList","@id":"https:\/\/talkpal.ai\/cs\/grammar_exercises\/reflexivni-verbenova-cviceni-pro-nemeckou-gramatiku\/#breadcrumb","itemListElement":[{"@type":"ListItem","position":1,"name":"Homepage","item":"https:\/\/talkpal.ai\/cs\/"},{"@type":"ListItem","position":2,"name":"Reflexivn\u00ed verbenov\u00e1 cvi\u010den\u00ed pro n\u011bmeckou gramatiku"}]},{"@type":"WebSite","@id":"https:\/\/talkpal.ai\/cs\/#website","url":"https:\/\/talkpal.ai\/cs\/","name":"Talkpal","description":"AI Language Learning","publisher":{"@id":"https:\/\/talkpal.ai\/cs\/#organization"},"alternateName":"Talkpal AI","potentialAction":[{"@type":"SearchAction","target":{"@type":"EntryPoint","urlTemplate":"https:\/\/talkpal.ai\/cs\/?s={search_term_string}"},"query-input":{"@type":"PropertyValueSpecification","valueRequired":true,"valueName":"search_term_string"}}],"inLanguage":"cs"},{"@type":"Organization","@id":"https:\/\/talkpal.ai\/cs\/#organization","name":"Talkpal, Inc.","alternateName":"Talkpal AI","url":"https:\/\/talkpal.ai\/cs\/","logo":{"@type":"ImageObject","inLanguage":"cs","@id":"https:\/\/talkpal.ai\/cs\/#\/schema\/logo\/image\/","url":"https:\/\/talkpal.ai\/wp-content\/uploads\/2024\/03\/Talkpal-Logo-Icon.png","contentUrl":"https:\/\/talkpal.ai\/wp-content\/uploads\/2024\/03\/Talkpal-Logo-Icon.png","width":2880,"height":2880,"caption":"Talkpal, Inc."},"image":{"@id":"https:\/\/talkpal.ai\/cs\/#\/schema\/logo\/image\/"},"sameAs":["https:\/\/www.facebook.com\/profile.php?id=100090733639311","https:\/\/x.com\/talkpalai","https:\/\/www.linkedin.com\/company\/talkpal\/","https:\/\/www.youtube.com\/@TalkPal\/","https:\/\/www.tiktok.com\/@talkpal","https:\/\/www.instagram.com\/talkpal_ai\/","https:\/\/www.crunchbase.com\/organization\/talkpal-9cde","https:\/\/www.g2.com\/products\/talkpal-for-business\/","https:\/\/www.trustpilot.com\/review\/talkpal.ai","https:\/\/www.capterra.com\/p\/10006800\/TalkPal\/"],"description":"Talkpal is a language learning web and mobile education app, powered by the latest AI technologies, that provides engaging experiences to its customers in many different languages to help them improve their language skills. Users can chat about unlimited amount of topics with the app and use other modes to practice their language learning.","email":"support@talkpal.ai","legalName":"Talkpal, Inc.","foundingDate":"2023-04-03","duns":"118989042","numberOfEmployees":{"@type":"QuantitativeValue","minValue":"11","maxValue":"50"},"publishingPrinciples":"https:\/\/talkpal.ai\/publishing-principles\/","actionableFeedbackPolicy":"https:\/\/talkpal.ai\/actionable-feedback-policy\/","correctionsPolicy":"https:\/\/talkpal.ai\/corrections-policy\/","ethicsPolicy":"https:\/\/talkpal.ai\/ethics-policy\/","diversityPolicy":"https:\/\/talkpal.ai\/diversity-policy\/","diversityStaffingReport":"https:\/\/talkpal.ai\/diversity-policy\/"}]}},"_links":{"self":[{"href":"https:\/\/talkpal.ai\/cs\/wp-json\/wp\/v2\/grammar_exercises\/1164843","targetHints":{"allow":["GET"]}}],"collection":[{"href":"https:\/\/talkpal.ai\/cs\/wp-json\/wp\/v2\/grammar_exercises"}],"about":[{"href":"https:\/\/talkpal.ai\/cs\/wp-json\/wp\/v2\/types\/grammar_exercises"}],"wp:featuredmedia":[{"embeddable":true,"href":"https:\/\/talkpal.ai\/cs\/wp-json\/wp\/v2\/media\/1527812"}],"wp:attachment":[{"href":"https:\/\/talkpal.ai\/cs\/wp-json\/wp\/v2\/media?parent=1164843"}],"wp:term":[{"taxonomy":"exercise_language","embeddable":true,"href":"https:\/\/talkpal.ai\/cs\/wp-json\/wp\/v2\/exercise_language?post=1164843"}],"curies":[{"name":"wp","href":"https:\/\/api.w.org\/{rel}","templated":true}]}}