{"id":1164841,"date":"2025-07-06T16:19:59","date_gmt":"2025-07-06T16:19:59","guid":{"rendered":"https:\/\/talkpal.ai\/grammar_exercises\/konjunktiv-cviceni-pro-nemeckou-gramatiku\/"},"modified":"2025-07-06T16:19:59","modified_gmt":"2025-07-06T16:19:59","slug":"konjunktiv-cviceni-pro-nemeckou-gramatiku","status":"publish","type":"grammar_exercises","link":"https:\/\/talkpal.ai\/cs\/grammar_exercises\/konjunktiv-cviceni-pro-nemeckou-gramatiku\/","title":{"rendered":"Konjunktiv cvi\u010den\u00ed pro n\u011bmeckou gramatiku"},"content":{"rendered":"<p><a href=\"https:\/\/talkpal.ai\/ja\/grammar_exercises\/konjunktiv-%e3%83%89%e3%82%a4%e3%83%84%e6%96%87%e6%b3%95%e3%81%ae%e6%bc%94%e7%bf%92\/\">Konjunktiv<\/a> je d\u016fle\u017eit\u00e1 \u010d\u00e1st n\u011bmeck\u00e9 gramatiky, kter\u00e1 slou\u017e\u00ed k vyj\u00e1d\u0159en\u00ed p\u0159\u00e1n\u00ed, hypotetick\u00fdch situac\u00ed, zdvo\u0159ilosti nebo nep\u0159\u00edm\u00e9 \u0159e\u010di. V tomto cvi\u010den\u00ed si procvi\u010d\u00edme pou\u017eit\u00ed konjunktivu I a II v r\u016fzn\u00fdch v\u011bt\u00e1ch, abyste l\u00e9pe porozum\u011bli jejich funkci a spr\u00e1vn\u00e9mu u\u017eit\u00ed.<\/p>\n<h3>Konjunktiv I \u2013 Nep\u0159\u00edm\u00e1 \u0159e\u010d<\/h3>\n<div class=\"input_sentences\">\n1. Er sagt, er *komme* morgen.<br \/>\n2. Sie meint, wir *haben* Zeit.<br \/>\n3. Er behauptet, er *sei* krank.<br \/>\n4. Die Lehrerin sagt, die Sch\u00fcler *m\u00fcssten* leise sein.<br \/>\n5. Er erz\u00e4hlt, dass er das Buch *lese*.<br \/>\n6. Sie sagt, sie *wisse* die Antwort.<br \/>\n7. Der Chef erkl\u00e4rt, das Meeting *beginne* um neun.<br \/>\n8. Er meint, sie *k\u00f6nne* gut singen.<br \/>\n9. Sie sagt, er *habe* keine Zeit.<br \/>\n10. Der Reporter berichtet, die Politiker *w\u00fcrden* diskutieren.\n<\/div>\n<div class=\"exercise\"><\/div>\n<h3>Konjunktiv II \u2013 Hypotetick\u00e9 situace a zdvo\u0159ilost<\/h3>\n<div class=\"input_sentences\">\n1. Wenn ich Zeit *h\u00e4tte*, w\u00fcrde ich kommen. (hypotetick\u00e1 situace)<br \/>\n2. Ich *w\u00fcrde* gern helfen, wenn ich k\u00f6nnte. (zdvo\u0159ilost)<br \/>\n3. Wenn er reich *w\u00e4re*, w\u00fcrde er eine Weltreise machen.<br \/>\n4. Du *k\u00f6nntest* mir bitte das Buch geben? (zdvo\u0159ilost)<br \/>\n5. Wenn sie mehr \u00fcben *w\u00fcrde*, w\u00e4re sie besser.<br \/>\n6. Ich *w\u00e4re* gl\u00fccklich, wenn du mitkommst.<br \/>\n7. H\u00e4ttest du das Geld, was *w\u00fcrdest* du kaufen?<br \/>\n8. Er *g\u00e4be* dir den Rat, wenn er k\u00f6nnte.<br \/>\n9. Wenn wir doch fr\u00fcher *w\u00fcssten*, was passiert.<br \/>\n10. K\u00f6nntest du mir helfen? Ich *brauchte* Unterst\u00fctzung.\n<\/div>\n<div class=\"exercise\"><\/div>\n","protected":false},"featured_media":1527838,"parent":0,"menu_order":0,"template":"","exercise_language":[20299,20369],"class_list":["post-1164841","grammar_exercises","type-grammar_exercises","status-publish","has-post-thumbnail","hentry","exercise_language-cviceni-z-nemciny","exercise_language-slovesa-nemecka-gramatika"],"acf":[],"yoast_head":"<!-- This site is optimized with the Yoast SEO Premium plugin v27.2 (Yoast SEO v27.2) - https:\/\/yoast.com\/product\/yoast-seo-premium-wordpress\/ -->\n<title>Konjunktiv cvi\u010den\u00ed pro n\u011bmeckou gramatiku - Talkpal<\/title>\n<meta name=\"description\" content=\"Konjunktiv je d\u016fle\u017eit\u00e1 \u010d\u00e1st n\u011bmeck\u00e9 gramatiky, kter\u00e1 slou\u017e\u00ed k vyj\u00e1d\u0159en\u00ed p\u0159\u00e1n\u00ed, hypotetick\u00fdch situac\u00ed, zdvo\u0159ilosti nebo nep\u0159\u00edm\u00e9 \u0159e\u010di. V tomto cvi\u010den\u00ed si\" \/>\n<meta name=\"robots\" content=\"index, follow, max-snippet:-1, max-image-preview:large, max-video-preview:-1\" \/>\n<link rel=\"canonical\" href=\"https:\/\/talkpal.ai\/cs\/grammar_exercises\/konjunktiv-cviceni-pro-nemeckou-gramatiku\/\" \/>\n<meta property=\"og:locale\" content=\"cs_CZ\" \/>\n<meta property=\"og:type\" content=\"article\" \/>\n<meta property=\"og:title\" content=\"Konjunktiv cvi\u010den\u00ed pro n\u011bmeckou gramatiku\" \/>\n<meta property=\"og:description\" content=\"Konjunktiv je d\u016fle\u017eit\u00e1 \u010d\u00e1st n\u011bmeck\u00e9 gramatiky, kter\u00e1 slou\u017e\u00ed k vyj\u00e1d\u0159en\u00ed p\u0159\u00e1n\u00ed, hypotetick\u00fdch situac\u00ed, zdvo\u0159ilosti nebo nep\u0159\u00edm\u00e9 \u0159e\u010di. V tomto cvi\u010den\u00ed si\" \/>\n<meta property=\"og:url\" content=\"https:\/\/talkpal.ai\/cs\/grammar_exercises\/konjunktiv-cviceni-pro-nemeckou-gramatiku\/\" \/>\n<meta property=\"og:site_name\" content=\"Talkpal\" \/>\n<meta property=\"article:publisher\" content=\"https:\/\/www.facebook.com\/profile.php?id=100090733639311\" \/>\n<meta property=\"og:image\" content=\"https:\/\/talkpal.ai\/wp-content\/uploads\/2025\/02\/Progress-tab-16_9.png\" \/>\n\t<meta property=\"og:image:width\" content=\"2880\" \/>\n\t<meta property=\"og:image:height\" content=\"1620\" \/>\n\t<meta property=\"og:image:type\" content=\"image\/png\" \/>\n<meta name=\"twitter:card\" content=\"summary_large_image\" \/>\n<meta name=\"twitter:site\" content=\"@talkpalai\" \/>\n<meta name=\"twitter:label1\" content=\"Odhadovan\u00e1 doba \u010dten\u00ed\" \/>\n\t<meta name=\"twitter:data1\" content=\"1 minuta\" \/>\n<script type=\"application\/ld+json\" class=\"yoast-schema-graph\">{\"@context\":\"https:\/\/schema.org\",\"@graph\":[{\"@type\":\"WebPage\",\"@id\":\"https:\/\/talkpal.ai\/cs\/grammar_exercises\/konjunktiv-cviceni-pro-nemeckou-gramatiku\/\",\"url\":\"https:\/\/talkpal.ai\/cs\/grammar_exercises\/konjunktiv-cviceni-pro-nemeckou-gramatiku\/\",\"name\":\"Konjunktiv cvi\u010den\u00ed pro n\u011bmeckou gramatiku - Talkpal\",\"isPartOf\":{\"@id\":\"https:\/\/talkpal.ai\/cs\/#website\"},\"primaryImageOfPage\":{\"@id\":\"https:\/\/talkpal.ai\/cs\/grammar_exercises\/konjunktiv-cviceni-pro-nemeckou-gramatiku\/#primaryimage\"},\"image\":{\"@id\":\"https:\/\/talkpal.ai\/cs\/grammar_exercises\/konjunktiv-cviceni-pro-nemeckou-gramatiku\/#primaryimage\"},\"thumbnailUrl\":\"https:\/\/talkpal.ai\/wp-content\/uploads\/2025\/12\/people-in-dark-library-learning-languages.webp\",\"datePublished\":\"2025-07-06T16:19:59+00:00\",\"description\":\"Konjunktiv je d\u016fle\u017eit\u00e1 \u010d\u00e1st n\u011bmeck\u00e9 gramatiky, kter\u00e1 slou\u017e\u00ed k vyj\u00e1d\u0159en\u00ed p\u0159\u00e1n\u00ed, hypotetick\u00fdch situac\u00ed, zdvo\u0159ilosti nebo nep\u0159\u00edm\u00e9 \u0159e\u010di. V tomto cvi\u010den\u00ed si\",\"breadcrumb\":{\"@id\":\"https:\/\/talkpal.ai\/cs\/grammar_exercises\/konjunktiv-cviceni-pro-nemeckou-gramatiku\/#breadcrumb\"},\"inLanguage\":\"cs\",\"potentialAction\":[{\"@type\":\"ReadAction\",\"target\":[\"https:\/\/talkpal.ai\/cs\/grammar_exercises\/konjunktiv-cviceni-pro-nemeckou-gramatiku\/\"]}]},{\"@type\":\"ImageObject\",\"inLanguage\":\"cs\",\"@id\":\"https:\/\/talkpal.ai\/cs\/grammar_exercises\/konjunktiv-cviceni-pro-nemeckou-gramatiku\/#primaryimage\",\"url\":\"https:\/\/talkpal.ai\/wp-content\/uploads\/2025\/12\/people-in-dark-library-learning-languages.webp\",\"contentUrl\":\"https:\/\/talkpal.ai\/wp-content\/uploads\/2025\/12\/people-in-dark-library-learning-languages.webp\",\"width\":1200,\"height\":896,\"caption\":\"Several people sit at desks with small lamps in a dark library while learning languages.\"},{\"@type\":\"BreadcrumbList\",\"@id\":\"https:\/\/talkpal.ai\/cs\/grammar_exercises\/konjunktiv-cviceni-pro-nemeckou-gramatiku\/#breadcrumb\",\"itemListElement\":[{\"@type\":\"ListItem\",\"position\":1,\"name\":\"Homepage\",\"item\":\"https:\/\/talkpal.ai\/cs\/\"},{\"@type\":\"ListItem\",\"position\":2,\"name\":\"Konjunktiv cvi\u010den\u00ed pro n\u011bmeckou gramatiku\"}]},{\"@type\":\"WebSite\",\"@id\":\"https:\/\/talkpal.ai\/cs\/#website\",\"url\":\"https:\/\/talkpal.ai\/cs\/\",\"name\":\"Talkpal\",\"description\":\"AI Language Learning\",\"publisher\":{\"@id\":\"https:\/\/talkpal.ai\/cs\/#organization\"},\"alternateName\":\"Talkpal AI\",\"potentialAction\":[{\"@type\":\"SearchAction\",\"target\":{\"@type\":\"EntryPoint\",\"urlTemplate\":\"https:\/\/talkpal.ai\/cs\/?s={search_term_string}\"},\"query-input\":{\"@type\":\"PropertyValueSpecification\",\"valueRequired\":true,\"valueName\":\"search_term_string\"}}],\"inLanguage\":\"cs\"},{\"@type\":\"Organization\",\"@id\":\"https:\/\/talkpal.ai\/cs\/#organization\",\"name\":\"Talkpal, Inc.\",\"alternateName\":\"Talkpal AI\",\"url\":\"https:\/\/talkpal.ai\/cs\/\",\"logo\":{\"@type\":\"ImageObject\",\"inLanguage\":\"cs\",\"@id\":\"https:\/\/talkpal.ai\/cs\/#\/schema\/logo\/image\/\",\"url\":\"https:\/\/talkpal.ai\/wp-content\/uploads\/2024\/03\/Talkpal-Logo-Icon.png\",\"contentUrl\":\"https:\/\/talkpal.ai\/wp-content\/uploads\/2024\/03\/Talkpal-Logo-Icon.png\",\"width\":2880,\"height\":2880,\"caption\":\"Talkpal, Inc.\"},\"image\":{\"@id\":\"https:\/\/talkpal.ai\/cs\/#\/schema\/logo\/image\/\"},\"sameAs\":[\"https:\/\/www.facebook.com\/profile.php?id=100090733639311\",\"https:\/\/x.com\/talkpalai\",\"https:\/\/www.linkedin.com\/company\/talkpal\/\",\"https:\/\/www.youtube.com\/@TalkPal\/\",\"https:\/\/www.tiktok.com\/@talkpal\",\"https:\/\/www.instagram.com\/talkpal_ai\/\",\"https:\/\/www.crunchbase.com\/organization\/talkpal-9cde\",\"https:\/\/www.g2.com\/products\/talkpal-for-business\/\",\"https:\/\/www.trustpilot.com\/review\/talkpal.ai\",\"https:\/\/www.capterra.com\/p\/10006800\/TalkPal\/\"],\"description\":\"Talkpal is a language learning web and mobile education app, powered by the latest AI technologies, that provides engaging experiences to its customers in many different languages to help them improve their language skills. Users can chat about unlimited amount of topics with the app and use other modes to practice their language learning.\",\"email\":\"support@talkpal.ai\",\"legalName\":\"Talkpal, Inc.\",\"foundingDate\":\"2023-04-03\",\"duns\":\"118989042\",\"numberOfEmployees\":{\"@type\":\"QuantitativeValue\",\"minValue\":\"11\",\"maxValue\":\"50\"},\"publishingPrinciples\":\"https:\/\/talkpal.ai\/publishing-principles\/\",\"actionableFeedbackPolicy\":\"https:\/\/talkpal.ai\/actionable-feedback-policy\/\",\"correctionsPolicy\":\"https:\/\/talkpal.ai\/corrections-policy\/\",\"ethicsPolicy\":\"https:\/\/talkpal.ai\/ethics-policy\/\",\"diversityPolicy\":\"https:\/\/talkpal.ai\/diversity-policy\/\",\"diversityStaffingReport\":\"https:\/\/talkpal.ai\/diversity-policy\/\"}]}<\/script>\n<!-- \/ Yoast SEO Premium plugin. -->","yoast_head_json":{"title":"Konjunktiv cvi\u010den\u00ed pro n\u011bmeckou gramatiku - Talkpal","description":"Konjunktiv je d\u016fle\u017eit\u00e1 \u010d\u00e1st n\u011bmeck\u00e9 gramatiky, kter\u00e1 slou\u017e\u00ed k vyj\u00e1d\u0159en\u00ed p\u0159\u00e1n\u00ed, hypotetick\u00fdch situac\u00ed, zdvo\u0159ilosti nebo nep\u0159\u00edm\u00e9 \u0159e\u010di. V tomto cvi\u010den\u00ed si","robots":{"index":"index","follow":"follow","max-snippet":"max-snippet:-1","max-image-preview":"max-image-preview:large","max-video-preview":"max-video-preview:-1"},"canonical":"https:\/\/talkpal.ai\/cs\/grammar_exercises\/konjunktiv-cviceni-pro-nemeckou-gramatiku\/","og_locale":"cs_CZ","og_type":"article","og_title":"Konjunktiv cvi\u010den\u00ed pro n\u011bmeckou gramatiku","og_description":"Konjunktiv je d\u016fle\u017eit\u00e1 \u010d\u00e1st n\u011bmeck\u00e9 gramatiky, kter\u00e1 slou\u017e\u00ed k vyj\u00e1d\u0159en\u00ed p\u0159\u00e1n\u00ed, hypotetick\u00fdch situac\u00ed, zdvo\u0159ilosti nebo nep\u0159\u00edm\u00e9 \u0159e\u010di. V tomto cvi\u010den\u00ed si","og_url":"https:\/\/talkpal.ai\/cs\/grammar_exercises\/konjunktiv-cviceni-pro-nemeckou-gramatiku\/","og_site_name":"Talkpal","article_publisher":"https:\/\/www.facebook.com\/profile.php?id=100090733639311","og_image":[{"width":2880,"height":1620,"url":"https:\/\/talkpal.ai\/wp-content\/uploads\/2025\/02\/Progress-tab-16_9.png","type":"image\/png"}],"twitter_card":"summary_large_image","twitter_site":"@talkpalai","twitter_misc":{"Odhadovan\u00e1 doba \u010dten\u00ed":"1 minuta"},"schema":{"@context":"https:\/\/schema.org","@graph":[{"@type":"WebPage","@id":"https:\/\/talkpal.ai\/cs\/grammar_exercises\/konjunktiv-cviceni-pro-nemeckou-gramatiku\/","url":"https:\/\/talkpal.ai\/cs\/grammar_exercises\/konjunktiv-cviceni-pro-nemeckou-gramatiku\/","name":"Konjunktiv cvi\u010den\u00ed pro n\u011bmeckou gramatiku - Talkpal","isPartOf":{"@id":"https:\/\/talkpal.ai\/cs\/#website"},"primaryImageOfPage":{"@id":"https:\/\/talkpal.ai\/cs\/grammar_exercises\/konjunktiv-cviceni-pro-nemeckou-gramatiku\/#primaryimage"},"image":{"@id":"https:\/\/talkpal.ai\/cs\/grammar_exercises\/konjunktiv-cviceni-pro-nemeckou-gramatiku\/#primaryimage"},"thumbnailUrl":"https:\/\/talkpal.ai\/wp-content\/uploads\/2025\/12\/people-in-dark-library-learning-languages.webp","datePublished":"2025-07-06T16:19:59+00:00","description":"Konjunktiv je d\u016fle\u017eit\u00e1 \u010d\u00e1st n\u011bmeck\u00e9 gramatiky, kter\u00e1 slou\u017e\u00ed k vyj\u00e1d\u0159en\u00ed p\u0159\u00e1n\u00ed, hypotetick\u00fdch situac\u00ed, zdvo\u0159ilosti nebo nep\u0159\u00edm\u00e9 \u0159e\u010di. V tomto cvi\u010den\u00ed si","breadcrumb":{"@id":"https:\/\/talkpal.ai\/cs\/grammar_exercises\/konjunktiv-cviceni-pro-nemeckou-gramatiku\/#breadcrumb"},"inLanguage":"cs","potentialAction":[{"@type":"ReadAction","target":["https:\/\/talkpal.ai\/cs\/grammar_exercises\/konjunktiv-cviceni-pro-nemeckou-gramatiku\/"]}]},{"@type":"ImageObject","inLanguage":"cs","@id":"https:\/\/talkpal.ai\/cs\/grammar_exercises\/konjunktiv-cviceni-pro-nemeckou-gramatiku\/#primaryimage","url":"https:\/\/talkpal.ai\/wp-content\/uploads\/2025\/12\/people-in-dark-library-learning-languages.webp","contentUrl":"https:\/\/talkpal.ai\/wp-content\/uploads\/2025\/12\/people-in-dark-library-learning-languages.webp","width":1200,"height":896,"caption":"Several people sit at desks with small lamps in a dark library while learning languages."},{"@type":"BreadcrumbList","@id":"https:\/\/talkpal.ai\/cs\/grammar_exercises\/konjunktiv-cviceni-pro-nemeckou-gramatiku\/#breadcrumb","itemListElement":[{"@type":"ListItem","position":1,"name":"Homepage","item":"https:\/\/talkpal.ai\/cs\/"},{"@type":"ListItem","position":2,"name":"Konjunktiv cvi\u010den\u00ed pro n\u011bmeckou gramatiku"}]},{"@type":"WebSite","@id":"https:\/\/talkpal.ai\/cs\/#website","url":"https:\/\/talkpal.ai\/cs\/","name":"Talkpal","description":"AI Language Learning","publisher":{"@id":"https:\/\/talkpal.ai\/cs\/#organization"},"alternateName":"Talkpal AI","potentialAction":[{"@type":"SearchAction","target":{"@type":"EntryPoint","urlTemplate":"https:\/\/talkpal.ai\/cs\/?s={search_term_string}"},"query-input":{"@type":"PropertyValueSpecification","valueRequired":true,"valueName":"search_term_string"}}],"inLanguage":"cs"},{"@type":"Organization","@id":"https:\/\/talkpal.ai\/cs\/#organization","name":"Talkpal, Inc.","alternateName":"Talkpal AI","url":"https:\/\/talkpal.ai\/cs\/","logo":{"@type":"ImageObject","inLanguage":"cs","@id":"https:\/\/talkpal.ai\/cs\/#\/schema\/logo\/image\/","url":"https:\/\/talkpal.ai\/wp-content\/uploads\/2024\/03\/Talkpal-Logo-Icon.png","contentUrl":"https:\/\/talkpal.ai\/wp-content\/uploads\/2024\/03\/Talkpal-Logo-Icon.png","width":2880,"height":2880,"caption":"Talkpal, Inc."},"image":{"@id":"https:\/\/talkpal.ai\/cs\/#\/schema\/logo\/image\/"},"sameAs":["https:\/\/www.facebook.com\/profile.php?id=100090733639311","https:\/\/x.com\/talkpalai","https:\/\/www.linkedin.com\/company\/talkpal\/","https:\/\/www.youtube.com\/@TalkPal\/","https:\/\/www.tiktok.com\/@talkpal","https:\/\/www.instagram.com\/talkpal_ai\/","https:\/\/www.crunchbase.com\/organization\/talkpal-9cde","https:\/\/www.g2.com\/products\/talkpal-for-business\/","https:\/\/www.trustpilot.com\/review\/talkpal.ai","https:\/\/www.capterra.com\/p\/10006800\/TalkPal\/"],"description":"Talkpal is a language learning web and mobile education app, powered by the latest AI technologies, that provides engaging experiences to its customers in many different languages to help them improve their language skills. Users can chat about unlimited amount of topics with the app and use other modes to practice their language learning.","email":"support@talkpal.ai","legalName":"Talkpal, Inc.","foundingDate":"2023-04-03","duns":"118989042","numberOfEmployees":{"@type":"QuantitativeValue","minValue":"11","maxValue":"50"},"publishingPrinciples":"https:\/\/talkpal.ai\/publishing-principles\/","actionableFeedbackPolicy":"https:\/\/talkpal.ai\/actionable-feedback-policy\/","correctionsPolicy":"https:\/\/talkpal.ai\/corrections-policy\/","ethicsPolicy":"https:\/\/talkpal.ai\/ethics-policy\/","diversityPolicy":"https:\/\/talkpal.ai\/diversity-policy\/","diversityStaffingReport":"https:\/\/talkpal.ai\/diversity-policy\/"}]}},"_links":{"self":[{"href":"https:\/\/talkpal.ai\/cs\/wp-json\/wp\/v2\/grammar_exercises\/1164841","targetHints":{"allow":["GET"]}}],"collection":[{"href":"https:\/\/talkpal.ai\/cs\/wp-json\/wp\/v2\/grammar_exercises"}],"about":[{"href":"https:\/\/talkpal.ai\/cs\/wp-json\/wp\/v2\/types\/grammar_exercises"}],"wp:featuredmedia":[{"embeddable":true,"href":"https:\/\/talkpal.ai\/cs\/wp-json\/wp\/v2\/media\/1527838"}],"wp:attachment":[{"href":"https:\/\/talkpal.ai\/cs\/wp-json\/wp\/v2\/media?parent=1164841"}],"wp:term":[{"taxonomy":"exercise_language","embeddable":true,"href":"https:\/\/talkpal.ai\/cs\/wp-json\/wp\/v2\/exercise_language?post=1164841"}],"curies":[{"name":"wp","href":"https:\/\/api.w.org\/{rel}","templated":true}]}}